{"version":"1.0","provider_name":"ESM Foot","provider_url":"https:\/\/www.etoilesportivemontoise.fr\/football","author_name":"ESM","author_url":"https:\/\/www.etoilesportivemontoise.fr\/football\/aka\/9af3b8c1915118cbc5cf7cdecb87fa13c2abf1c4\/","title":"La r\u00e9serve voit rouge - ESM Foot","type":"rich","width":600,"height":338,"html":"<blockquote class=\"wp-embedded-content\" data-secret=\"M4CV1pLUqE\"><a href=\"https:\/\/www.etoilesportivemontoise.fr\/football\/2013\/11\/la-reserve-voit-rouge\/\">La r\u00e9serve voit rouge<\/a><\/blockquote><iframe sandbox=\"allow-scripts\" security=\"restricted\" src=\"https:\/\/www.etoilesportivemontoise.fr\/football\/2013\/11\/la-reserve-voit-rouge\/embed\/#?secret=M4CV1pLUqE\" width=\"600\" height=\"338\" title=\"\u00ab\u00a0La r\u00e9serve voit rouge\u00a0\u00bb &#8212; ESM Foot\" data-secret=\"M4CV1pLUqE\" frameborder=\"0\" marginwidth=\"0\" marginheight=\"0\" scrolling=\"no\" class=\"wp-embedded-content\"><\/iframe><script type=\"text\/javascript\">\n\/* <![CDATA[ *\/\n\/*! This file is auto-generated *\/\n!function(d,l){\"use strict\";l.querySelector&&d.addEventListener&&\"undefined\"!=typeof URL&&(d.wp=d.wp||{},d.wp.receiveEmbedMessage||(d.wp.receiveEmbedMessage=function(e){var t=e.data;if((t||t.secret||t.message||t.value)&&!\/[^a-zA-Z0-9]\/.test(t.secret)){for(var s,r,n,a=l.querySelectorAll('iframe[data-secret=\"'+t.secret+'\"]'),o=l.querySelectorAll('blockquote[data-secret=\"'+t.secret+'\"]'),c=new RegExp(\"^https?:$\",\"i\"),i=0;i<o.length;i++)o[i].style.display=\"none\";for(i=0;i<a.length;i++)s=a[i],e.source===s.contentWindow&&(s.removeAttribute(\"style\"),\"height\"===t.message?(1e3<(r=parseInt(t.value,10))?r=1e3:~~r<200&&(r=200),s.height=r):\"link\"===t.message&&(r=new URL(s.getAttribute(\"src\")),n=new URL(t.value),c.test(n.protocol))&&n.host===r.host&&l.activeElement===s&&(d.top.location.href=t.value))}},d.addEventListener(\"message\",d.wp.receiveEmbedMessage,!1),l.addEventListener(\"DOMContentLoaded\",function(){for(var e,t,s=l.querySelectorAll(\"iframe.wp-embedded-content\"),r=0;r<s.length;r++)(t=(e=s[r]).getAttribute(\"data-secret\"))||(t=Math.random().toString(36).substring(2,12),e.src+=\"#?secret=\"+t,e.setAttribute(\"data-secret\",t)),e.contentWindow.postMessage({message:\"ready\",secret:t},\"*\")},!1)))}(window,document);\n\/\/# sourceURL=https:\/\/www.etoilesportivemontoise.fr\/football\/wp-includes\/js\/wp-embed.min.js\n\/* ]]> *\/\n<\/script>\n","description":"Dimanche 3 novembre, les s\u00e9niors B de l\u2019Etoile recevaient l\u2019\u00e9quipe de Rion-des-Landes, un adversaire direct. D\u00e8s la 5\u00e8me minute, Willy obtenait un p\u00e9nalty qu\u2019il ne r\u00e9ussit malheureusement pas \u00e0 transformer, car bien anticip\u00e9 par le gardien rionais\u2026 Hormis quelques bons mouvements et quelques centres-tirs, les...","thumbnail_url":"http:\/\/3.bp.blogspot.com\/-UJsrPZasAYk\/Un4IIGqOOJI\/AAAAAAAACk0\/j3p_lmHZrTY\/s320\/IMG_8948.JPG"}