{"version":"1.0","provider_name":"ESM Foot","provider_url":"https:\/\/www.etoilesportivemontoise.fr\/football","author_name":"drobino","author_url":"https:\/\/www.etoilesportivemontoise.fr\/football\/aka\/4e43f598fc1377a04021956cdf391a6471bff660\/","title":"Carnet noir - ESM Foot","type":"rich","width":600,"height":338,"html":"<blockquote class=\"wp-embedded-content\" data-secret=\"ieB1dRwGUp\"><a href=\"https:\/\/www.etoilesportivemontoise.fr\/football\/2023\/05\/carnet-noir\/\">Carnet noir<\/a><\/blockquote><iframe sandbox=\"allow-scripts\" security=\"restricted\" src=\"https:\/\/www.etoilesportivemontoise.fr\/football\/2023\/05\/carnet-noir\/embed\/#?secret=ieB1dRwGUp\" width=\"600\" height=\"338\" title=\"\u00ab\u00a0Carnet noir\u00a0\u00bb &#8212; ESM Foot\" data-secret=\"ieB1dRwGUp\" frameborder=\"0\" marginwidth=\"0\" marginheight=\"0\" scrolling=\"no\" class=\"wp-embedded-content\"><\/iframe><script type=\"text\/javascript\">\n\/* <![CDATA[ *\/\n\/*! This file is auto-generated *\/\n!function(d,l){\"use strict\";l.querySelector&&d.addEventListener&&\"undefined\"!=typeof URL&&(d.wp=d.wp||{},d.wp.receiveEmbedMessage||(d.wp.receiveEmbedMessage=function(e){var t=e.data;if((t||t.secret||t.message||t.value)&&!\/[^a-zA-Z0-9]\/.test(t.secret)){for(var s,r,n,a=l.querySelectorAll('iframe[data-secret=\"'+t.secret+'\"]'),o=l.querySelectorAll('blockquote[data-secret=\"'+t.secret+'\"]'),c=new RegExp(\"^https?:$\",\"i\"),i=0;i<o.length;i++)o[i].style.display=\"none\";for(i=0;i<a.length;i++)s=a[i],e.source===s.contentWindow&&(s.removeAttribute(\"style\"),\"height\"===t.message?(1e3<(r=parseInt(t.value,10))?r=1e3:~~r<200&&(r=200),s.height=r):\"link\"===t.message&&(r=new URL(s.getAttribute(\"src\")),n=new URL(t.value),c.test(n.protocol))&&n.host===r.host&&l.activeElement===s&&(d.top.location.href=t.value))}},d.addEventListener(\"message\",d.wp.receiveEmbedMessage,!1),l.addEventListener(\"DOMContentLoaded\",function(){for(var e,t,s=l.querySelectorAll(\"iframe.wp-embedded-content\"),r=0;r<s.length;r++)(t=(e=s[r]).getAttribute(\"data-secret\"))||(t=Math.random().toString(36).substring(2,12),e.src+=\"#?secret=\"+t,e.setAttribute(\"data-secret\",t)),e.contentWindow.postMessage({message:\"ready\",secret:t},\"*\")},!1)))}(window,document);\n\/\/# sourceURL=https:\/\/www.etoilesportivemontoise.fr\/football\/wp-includes\/js\/wp-embed.min.js\n\/* ]]> *\/\n<\/script>\n","thumbnail_url":"https:\/\/www.etoilesportivemontoise.fr\/content\/uploads\/sites\/2\/2023\/05\/PascaleBW1-929x1024.png","thumbnail_width":929,"thumbnail_height":1024,"description":"[vc_row row_type=\u00a0\u00bbrow\u00a0\u00bb text_align=\u00a0\u00bbleft\u00a0\u00bb css_animation=\u00a0\u00bb\u00a0\u00bb][vc_column][vc_column_text]Ce week-end, nous avons appris avec \u00e9motion et une tr\u00e8s grande tristesse le d\u00e9c\u00e8s de Pascale FORESTIER, qui fut durant de nombreuses ann\u00e9es une des chevilles ouvri\u00e8res de l\u2019ESM omnisport et bien entendu de la section football, dont elle \u00e9tait la tr\u00e9sori\u00e8re..."}