{"id":3085,"date":"2015-01-05T16:58:58","date_gmt":"2015-01-05T15:58:58","guid":{"rendered":"http:\/\/www.etoilesportivemontoise.fr\/football\/?page_id=3085"},"modified":"2015-02-18T15:45:43","modified_gmt":"2015-02-18T15:45:43","slug":"historique","status":"publish","type":"page","link":"https:\/\/www.etoilesportivemontoise.fr\/pena-estrella\/historique\/","title":{"rendered":"Histoire de la Pe\u00f1a"},"content":{"rendered":"<section class=\"wpb-content-wrapper\">[vc_row css=\u00a0\u00bb.vc_custom_1420475133741{margin-bottom: 20px !important;}\u00a0\u00bb row_type=\u00a0\u00bbrow\u00a0\u00bb type=\u00a0\u00bbgrid\u00a0\u00bb text_align=\u00a0\u00bbleft\u00a0\u00bb][vc_column width=\u00a0\u00bb1\/1&Prime;][vc_column_text]Depuis longtemps, le \u00ab Sud \u2013 Aquitaine \u00bb et Mont de Marsan en particulier ont des liens culturels avec l\u2019Espagne . Si les courses de taureaux, la corrida, en sont le t\u00e9moin le plus connu, la musique et la danse en sont aussi la preuve avec \u00e0 Mont de Marsan le festival Flamenco cr\u00e9\u00e9 en 1988.<\/p>\n<p>&nbsp;<\/p>\n<p>Les ann\u00e9es \u00ab 90 \u00bb seront au niveau international les ann\u00e9es de l\u2019Espagne avec en particulier en 1992, les jeux olympiques d\u2019\u00e9t\u00e9 de Barcelonne et l\u2019exposition universelle de S\u00e9ville . Suite \u00e0 cet engouement pour l\u2019Espagne et sa culture, un peu partout en France et surtout dans le grand Sud Ouest que se sont d\u00e9velopp\u00e9s les clubs ou pe\u00f1as de S\u00e9villanes.<\/p>\n<p>&nbsp;<\/p>\n<p>C\u2019est ainsi qu\u2019en 1998, \u00e0 l\u2019initiative de Marl\u00e8ne Dubernet, est cr\u00e9\u00e9e au sein du club omnisport de l\u2019Etoile Sportive Montoise la pe\u00f1a la Estrella, l\u2019\u00e9toile en fran\u00e7ais . Il s\u2019agit de la section \u00ab culturelle \u00bb de ce club omnisport \u00e9clectique qui avait par le pass\u00e9 accueilli entre autres, une fanfare musicale, un cin\u00e9ma et une section de \u00ab secourisme \u00bb&#8230;<\/p>\n<p>&nbsp;<\/p>\n<p>A l\u2019origine, la pe\u00f1a a commenc\u00e9 ses activit\u00e9s dans l\u2019ancienne salle de Gymnastique, devenu ensuite salle d\u2019armes de la section escrime, situ\u00e9e rue Maubec, d\u00e9molie depuis pour faire place \u00e0 un parc de stationnement.<\/p>\n<p>Aujourd\u2019hui, la pe\u00f1a occupe le premier \u00e9tage de l\u2019immeuble si\u00e8ge du club omnisport de l\u2019Etoile Sportive Montoise situ\u00e9 30, rue Maubec , \u00e0 cot\u00e9 du parc de stationnement.<\/p>\n<p>&nbsp;<\/p>\n<h4>Les activit\u00e9s de la pe\u00f1a :<\/h4>\n<p>&nbsp;<\/p>\n<p>L\u2019activit\u00e9 principale est l\u2019enseignement et la pratique de la S\u00e9villane, accessoirement \u00e0 d\u2019autres danse suivant l\u2019humeur et l\u2019envie des membres de cette section, membres qui ont souvent la t\u00eate dans les \u00e9toiles \u2026<br \/>\nPour les passionn\u00e9s et les plus assidus, il est possible de participer \u00e0 des spectacles lors d\u2019animations diverses organis\u00e9es \u00e0 Mont de Marsan, sur le d\u00e9partement et parfois au-del\u00e0 en Aquitaine ( f\u00eates diverses, kermesses, congr\u00e8s, animations diverses etc \u2026).<br \/>\nLes autres objectifs de cette section, la plus r\u00e9cente de l\u2019ESM, sont la convivialit\u00e9 entre ses membres mais aussi avec d\u2019autres associations, avec des r\u00e9unions r\u00e9guli\u00e8res pour f\u00eater les anniversaires, participer \u00e0 des voyages et s\u2019int\u00e9resser \u00e0 d\u2019autres aspects de la culture ib\u00e9rique.<\/p>\n<p>&nbsp;<\/p>\n<p><span style=\"text-decoration: underline\">Renseignements divers:<\/span>\u00a0L\u2019enseignement de la danse se fait par niveaux, d\u00e9butants, loisirs, et confirm\u00e9s, ces derniers participant aux spectacles . A partir de 7 ans toutes les personnes, enfants, hommes et femmes, jeunes et moins jeunes, sont les bienvenues .[\/vc_column_text][\/vc_column][\/vc_row][vc_row][vc_column width=\u00a0\u00bb1\/1&Prime;][vc_separator type=\u00a0\u00bbtransparent\u00a0\u00bb up=\u00a0\u00bb15&Prime; down=\u00a0\u00bb15&Prime;][\/vc_column][\/vc_row]\n<\/section>","protected":false},"excerpt":{"rendered":"<p>[vc_row css=\u00a0\u00bb.vc_custom_1420475133741{margin-bottom: 20px !important;}\u00a0\u00bb row_type=\u00a0\u00bbrow\u00a0\u00bb type=\u00a0\u00bbgrid\u00a0\u00bb text_align=\u00a0\u00bbleft\u00a0\u00bb][vc_column width=\u00a0\u00bb1\/1&Prime;][vc_column_text]Depuis longtemps, le \u00ab Sud \u2013 Aquitaine \u00bb et Mont de Marsan en particulier ont des liens culturels avec l\u2019Espagne . Si les courses de taureaux, la corrida, en sont le t\u00e9moin le plus connu, la musique et&#8230;<\/p>\n","protected":false},"author":1,"featured_media":0,"parent":0,"menu_order":0,"comment_status":"open","ping_status":"open","template":"","meta":{"footnotes":""},"class_list":["post-3085","page","type-page","status-publish","hentry"],"yoast_head":"<!-- This site is optimized with the Yoast SEO plugin v27.3 - https:\/\/yoast.com\/product\/yoast-seo-wordpress\/ -->\n<title>Histoire de la Pe\u00f1a - ESM Pe\u00f1a Estrella<\/title>\n<meta name=\"robots\" content=\"index, follow, max-snippet:-1, max-image-preview:large, max-video-preview:-1\" \/>\n<link rel=\"canonical\" href=\"https:\/\/www.etoilesportivemontoise.fr\/pena-estrella\/historique\/\" \/>\n<meta property=\"og:locale\" content=\"fr_FR\" \/>\n<meta property=\"og:type\" content=\"article\" \/>\n<meta property=\"og:title\" content=\"Histoire de la Pe\u00f1a - ESM Pe\u00f1a Estrella\" \/>\n<meta property=\"og:description\" content=\"[vc_row css=\u00a0\u00bb.vc_custom_1420475133741{margin-bottom: 20px !important;}\u00a0\u00bb row_type=\u00a0\u00bbrow\u00a0\u00bb type=\u00a0\u00bbgrid\u00a0\u00bb text_align=\u00a0\u00bbleft\u00a0\u00bb][vc_column width=\u00a0\u00bb1\/1&Prime;][vc_column_text]Depuis longtemps, le \u00ab Sud \u2013 Aquitaine \u00bb et Mont de Marsan en particulier ont des liens culturels avec l\u2019Espagne . Si les courses de taureaux, la corrida, en sont le t\u00e9moin le plus connu, la musique et...\" \/>\n<meta property=\"og:url\" content=\"https:\/\/www.etoilesportivemontoise.fr\/pena-estrella\/historique\/\" \/>\n<meta property=\"og:site_name\" content=\"ESM Pe\u00f1a Estrella\" \/>\n<meta property=\"article:modified_time\" content=\"2015-02-18T15:45:43+00:00\" \/>\n<meta name=\"twitter:label1\" content=\"Dur\u00e9e de lecture estim\u00e9e\" \/>\n\t<meta name=\"twitter:data1\" content=\"2 minutes\" \/>\n<script type=\"application\/ld+json\" class=\"yoast-schema-graph\">{\"@context\":\"https:\\\/\\\/schema.org\",\"@graph\":[{\"@type\":\"WebPage\",\"@id\":\"https:\\\/\\\/www.etoilesportivemontoise.fr\\\/pena-estrella\\\/historique\\\/\",\"url\":\"https:\\\/\\\/www.etoilesportivemontoise.fr\\\/pena-estrella\\\/historique\\\/\",\"name\":\"Histoire de la Pe\u00f1a - ESM Pe\u00f1a Estrella\",\"isPartOf\":{\"@id\":\"https:\\\/\\\/www.etoilesportivemontoise.fr\\\/pena-estrella\\\/#website\"},\"datePublished\":\"2015-01-05T15:58:58+00:00\",\"dateModified\":\"2015-02-18T15:45:43+00:00\",\"breadcrumb\":{\"@id\":\"https:\\\/\\\/www.etoilesportivemontoise.fr\\\/pena-estrella\\\/historique\\\/#breadcrumb\"},\"inLanguage\":\"fr-FR\",\"potentialAction\":[{\"@type\":\"ReadAction\",\"target\":[\"https:\\\/\\\/www.etoilesportivemontoise.fr\\\/pena-estrella\\\/historique\\\/\"]}]},{\"@type\":\"BreadcrumbList\",\"@id\":\"https:\\\/\\\/www.etoilesportivemontoise.fr\\\/pena-estrella\\\/historique\\\/#breadcrumb\",\"itemListElement\":[{\"@type\":\"ListItem\",\"position\":1,\"name\":\"Accueil\",\"item\":\"https:\\\/\\\/www.etoilesportivemontoise.fr\\\/pena-estrella\\\/\"},{\"@type\":\"ListItem\",\"position\":2,\"name\":\"Histoire de la Pe\u00f1a\"}]},{\"@type\":\"WebSite\",\"@id\":\"https:\\\/\\\/www.etoilesportivemontoise.fr\\\/pena-estrella\\\/#website\",\"url\":\"https:\\\/\\\/www.etoilesportivemontoise.fr\\\/pena-estrella\\\/\",\"name\":\"ESM Pe\u00f1a Estrella\",\"description\":\"Flamenco et Danse S\u00e9villane Mont de Marsan\",\"potentialAction\":[{\"@type\":\"SearchAction\",\"target\":{\"@type\":\"EntryPoint\",\"urlTemplate\":\"https:\\\/\\\/www.etoilesportivemontoise.fr\\\/pena-estrella\\\/?s={search_term_string}\"},\"query-input\":{\"@type\":\"PropertyValueSpecification\",\"valueRequired\":true,\"valueName\":\"search_term_string\"}}],\"inLanguage\":\"fr-FR\"}]}<\/script>\n<!-- \/ Yoast SEO plugin. -->","yoast_head_json":{"title":"Histoire de la Pe\u00f1a - ESM Pe\u00f1a Estrella","robots":{"index":"index","follow":"follow","max-snippet":"max-snippet:-1","max-image-preview":"max-image-preview:large","max-video-preview":"max-video-preview:-1"},"canonical":"https:\/\/www.etoilesportivemontoise.fr\/pena-estrella\/historique\/","og_locale":"fr_FR","og_type":"article","og_title":"Histoire de la Pe\u00f1a - ESM Pe\u00f1a Estrella","og_description":"[vc_row css=\u00a0\u00bb.vc_custom_1420475133741{margin-bottom: 20px !important;}\u00a0\u00bb row_type=\u00a0\u00bbrow\u00a0\u00bb type=\u00a0\u00bbgrid\u00a0\u00bb text_align=\u00a0\u00bbleft\u00a0\u00bb][vc_column width=\u00a0\u00bb1\/1&Prime;][vc_column_text]Depuis longtemps, le \u00ab Sud \u2013 Aquitaine \u00bb et Mont de Marsan en particulier ont des liens culturels avec l\u2019Espagne . Si les courses de taureaux, la corrida, en sont le t\u00e9moin le plus connu, la musique et...","og_url":"https:\/\/www.etoilesportivemontoise.fr\/pena-estrella\/historique\/","og_site_name":"ESM Pe\u00f1a Estrella","article_modified_time":"2015-02-18T15:45:43+00:00","twitter_misc":{"Dur\u00e9e de lecture estim\u00e9e":"2 minutes"},"schema":{"@context":"https:\/\/schema.org","@graph":[{"@type":"WebPage","@id":"https:\/\/www.etoilesportivemontoise.fr\/pena-estrella\/historique\/","url":"https:\/\/www.etoilesportivemontoise.fr\/pena-estrella\/historique\/","name":"Histoire de la Pe\u00f1a - ESM Pe\u00f1a Estrella","isPartOf":{"@id":"https:\/\/www.etoilesportivemontoise.fr\/pena-estrella\/#website"},"datePublished":"2015-01-05T15:58:58+00:00","dateModified":"2015-02-18T15:45:43+00:00","breadcrumb":{"@id":"https:\/\/www.etoilesportivemontoise.fr\/pena-estrella\/historique\/#breadcrumb"},"inLanguage":"fr-FR","potentialAction":[{"@type":"ReadAction","target":["https:\/\/www.etoilesportivemontoise.fr\/pena-estrella\/historique\/"]}]},{"@type":"BreadcrumbList","@id":"https:\/\/www.etoilesportivemontoise.fr\/pena-estrella\/historique\/#breadcrumb","itemListElement":[{"@type":"ListItem","position":1,"name":"Accueil","item":"https:\/\/www.etoilesportivemontoise.fr\/pena-estrella\/"},{"@type":"ListItem","position":2,"name":"Histoire de la Pe\u00f1a"}]},{"@type":"WebSite","@id":"https:\/\/www.etoilesportivemontoise.fr\/pena-estrella\/#website","url":"https:\/\/www.etoilesportivemontoise.fr\/pena-estrella\/","name":"ESM Pe\u00f1a Estrella","description":"Flamenco et Danse S\u00e9villane Mont de Marsan","potentialAction":[{"@type":"SearchAction","target":{"@type":"EntryPoint","urlTemplate":"https:\/\/www.etoilesportivemontoise.fr\/pena-estrella\/?s={search_term_string}"},"query-input":{"@type":"PropertyValueSpecification","valueRequired":true,"valueName":"search_term_string"}}],"inLanguage":"fr-FR"}]}},"_links":{"self":[{"href":"https:\/\/www.etoilesportivemontoise.fr\/pena-estrella\/wp-json\/wp\/v2\/pages\/3085","targetHints":{"allow":["GET"]}}],"collection":[{"href":"https:\/\/www.etoilesportivemontoise.fr\/pena-estrella\/wp-json\/wp\/v2\/pages"}],"about":[{"href":"https:\/\/www.etoilesportivemontoise.fr\/pena-estrella\/wp-json\/wp\/v2\/types\/page"}],"author":[{"embeddable":true,"href":"https:\/\/www.etoilesportivemontoise.fr\/pena-estrella\/wp-json\/wp\/v2\/users\/1"}],"replies":[{"embeddable":true,"href":"https:\/\/www.etoilesportivemontoise.fr\/pena-estrella\/wp-json\/wp\/v2\/comments?post=3085"}],"version-history":[{"count":5,"href":"https:\/\/www.etoilesportivemontoise.fr\/pena-estrella\/wp-json\/wp\/v2\/pages\/3085\/revisions"}],"predecessor-version":[{"id":4016,"href":"https:\/\/www.etoilesportivemontoise.fr\/pena-estrella\/wp-json\/wp\/v2\/pages\/3085\/revisions\/4016"}],"wp:attachment":[{"href":"https:\/\/www.etoilesportivemontoise.fr\/pena-estrella\/wp-json\/wp\/v2\/media?parent=3085"}],"curies":[{"name":"wp","href":"https:\/\/api.w.org\/{rel}","templated":true}]}}